{"id":8011,"date":"2026-04-27T16:39:36","date_gmt":"2026-04-27T14:39:36","guid":{"rendered":"https:\/\/archeol.sav.sk\/?page_id=8011"},"modified":"2026-04-27T16:58:14","modified_gmt":"2026-04-27T14:58:14","slug":"studijne-zvesti-no-suppl-3-studijne-zvesti","status":"publish","type":"page","link":"https:\/\/archeol.sav.sk\/index.php\/sk\/studijne-zvesti-no-suppl-3-studijne-zvesti\/","title":{"rendered":"\u0160tudijn\u00e9 zvesti, No. Suppl 3"},"content":{"rendered":"<p><a href=\"https:\/\/archeol.sav.sk\/files\/SZ_suppl3_na-web-m.pdf\">Volume 2025, 2025, No. Suppl 3<\/a><\/p>\n<p>ISSN 0560-2793<\/p>\n<p>&nbsp;<\/p>\n<h2><a href=\"https:\/\/archeol.sav.sk\/files\/00_2-obsah-14.pdf\">Obsah<\/a><\/h2>\n<p><a href=\"https:\/\/www.sav.sk\/?lang=sk&amp;doc=journal-list&amp;part=article_response_page&amp;journal_article_no=42144\">Tabula gratulatoria<\/a><\/p>\n<p>&nbsp;<\/p>\n<p>Miroslava Da\u0148ov\u00e1 \u2013 Katar\u00edna Hlad\u00edkov\u00e1 \u2013 Branislav Kov\u00e1r<\/p>\n<p><a href=\"https:\/\/www.sav.sk\/?lang=sk&amp;doc=journal-list&amp;part=article_response_page&amp;journal_article_no=42145\"><strong>On the Life Anniversary of J\u00e1n Rajt\u00e1r<\/strong><\/a><\/p>\n<p>&nbsp;<\/p>\n<h2><strong>Small Finds<\/strong><\/h2>\n<p>Peter Bist\u00e1k \u2013 Erik Hrn\u010diarik \u2013 Zuzana Machatov\u00e1<\/p>\n<p><a href=\"https:\/\/doi.org\/10.31577\/szausav.2025.suppl.3.1\"><strong>Zoomorphic Bronze Handle of a Jug from Slep\u010dany<\/strong><\/a><\/p>\n<p><a href=\"https:\/\/doi.org\/10.31577\/szausav.2025.suppl.3.1\"><strong>Bronzov\u00e9 zoomorfn\u00e9 dr\u017eadlo kanvice zo Slep\u010dian<\/strong><\/a><\/p>\n<p>DOI: <a href=\"https:\/\/doi.org\/10.31577\/szausav.2025.suppl.3.1\">https:\/\/doi.org\/10.31577\/szausav.2025.suppl.3.1<\/a><\/p>\n<p>&nbsp;<\/p>\n<p>Petra Dragonidesov\u00e1<\/p>\n<p><strong><a href=\"https:\/\/doi.org\/10.31577\/szausav.2025.suppl.3.2\"><em>Mysterium Insolutum<\/em>. Fragments of Roman Dodecahedrons from Hurbanovo and Chot\u00edn<\/a><\/strong><\/p>\n<p><strong><a href=\"https:\/\/doi.org\/10.31577\/szausav.2025.suppl.3.2\"><em>Mysterium Insolutum<\/em>. Fragmenty r\u00edmskych dodekaedrov z Hurbanova a Chot\u00edna<\/a><\/strong><\/p>\n<p>DOI: <a href=\"https:\/\/doi.org\/10.31577\/szausav.2025.suppl.3.2\">https:\/\/doi.org\/10.31577\/szausav.2025.suppl.3.2<\/a><\/p>\n<p>&nbsp;<\/p>\n<p>Katar\u00edna Harmadyov\u00e1 \u2013 Juraj Kuchar\u00edk \u2013 Branislav Resut\u00edk<\/p>\n<p><strong><a href=\"https:\/\/doi.org\/10.31577\/szausav.2025.suppl.3.3\">Two Roman Bells (<em>Tintinnabula<\/em>) from Bratislava Castle<\/a><\/strong><\/p>\n<p><strong><a href=\"https:\/\/doi.org\/10.31577\/szausav.2025.suppl.3.3\">Dva r\u00edmske zvony (<em>tintinnabula<\/em>) z Bratislavsk\u00e9ho hradu<\/a><\/strong><\/p>\n<p>DOI: <a href=\"https:\/\/doi.org\/10.31577\/szausav.2025.suppl.3.3\">https:\/\/doi.org\/10.31577\/szausav.2025.suppl.3.3<\/a><\/p>\n<p>&nbsp;<\/p>\n<p>Katar\u00edna Hlad\u00edkov\u00e1 \u2013 Barbara Ritterov\u00e1 \u2013 Marek Hlad\u00edk \u2013 Erika\u00a0Makarov\u00e1 \u2013 Peter Bist\u00e1k<\/p>\n<p><strong><a href=\"https:\/\/doi.org\/10.31577\/szausav.2025.suppl.3.4\">Unlocking Ancient Craftsmanship. The Pear-shaped Pendant or Decorative Pin from the Gbely-Kojat\u00edn (Slovakia) Roman Period Burial Ground<\/a><\/strong><\/p>\n<p><strong><a href=\"https:\/\/doi.org\/10.31577\/szausav.2025.suppl.3.4\">Tajomstv\u00e1 d\u00e1vneho remesla. Hru\u0161kovit\u00fd z\u00e1vesok alebo ihlica z pohrebiska doby r\u00edmskej v Gbeloch-Kojat\u00edne (Slovensko)<\/a><\/strong><\/p>\n<p>DOI: <a href=\"https:\/\/doi.org\/10.31577\/szausav.2025.suppl.3.4\">https:\/\/doi.org\/10.31577\/szausav.2025.suppl.3.4<\/a><\/p>\n<p>&nbsp;<\/p>\n<p>Jaroslav Ji\u0159\u00edk \u2013 Tom\u00e1\u0161 Hiltscher<\/p>\n<p><a href=\"https:\/\/doi.org\/10.31577\/szausav.2025.suppl.3.5\"><strong>Discovery of a Fragment of a Late Antique <em>Missorium<\/em>(?) in the Cadastre of the Village of Putim, Distr. P\u00edsek, South Bohemia<\/strong><\/a><\/p>\n<p><a href=\"https:\/\/doi.org\/10.31577\/szausav.2025.suppl.3.5\"><strong>N\u00e1lez fragmentu neskoroantick\u00e9ho <em>missoria<\/em>(?) v katastri obce Putim, okres P\u00edsek, Ju\u017en\u00e9 \u010cechy<\/strong><\/a><\/p>\n<p>DOI: <a href=\"https:\/\/doi.org\/10.31577\/szausav.2025.suppl.3.5\">https:\/\/doi.org\/10.31577\/szausav.2025.suppl.3.5<\/a><\/p>\n<p>&nbsp;<\/p>\n<p>Ivana Kvet\u00e1nov\u00e1<\/p>\n<p><a href=\"https:\/\/doi.org\/10.31577\/szausav.2025.suppl.3.6\"><strong>The Enigmatic Bronze Statuette from Hlohovec. Jupiter Dolichenus, Mars, or Roman Soldier?<\/strong><\/a><\/p>\n<p><a href=\"https:\/\/doi.org\/10.31577\/szausav.2025.suppl.3.6\"><strong>Enigmatick\u00e1 bronzov\u00e1 plastika z Hlohovca. Jupiter Dolichenus, Mars, \u010di r\u00edmsky vojak<\/strong><\/a><\/p>\n<p>DOI: <a href=\"https:\/\/doi.org\/10.31577\/szausav.2025.suppl.3.6\">https:\/\/doi.org\/10.31577\/szausav.2025.suppl.3.6<\/a><\/p>\n<p>&nbsp;<\/p>\n<p>Karol Pieta<\/p>\n<p><strong><a href=\"https:\/\/doi.org\/10.31577\/szausav.2025.suppl.3.7\">Buntmetallverarbeitung in den v\u00f6lkerwanderungszeitlichen Siedlungen in der S\u00fcdwest- und Mittelslowakei<\/a><\/strong><\/p>\n<p><strong><a href=\"https:\/\/doi.org\/10.31577\/szausav.2025.suppl.3.7\">Spracovanie farebn\u00fdch kovov na s\u00eddlisk\u00e1ch zo s\u0165ahovania n\u00e1rodov na juhoz\u00e1padnom a strednom Slovensku<\/a><\/strong><\/p>\n<p>DOI: <a href=\"https:\/\/doi.org\/10.31577\/szausav.2025.suppl.3.7\">https:\/\/doi.org\/10.31577\/szausav.2025.suppl.3.7<\/a><\/p>\n<p>&nbsp;<\/p>\n<p>Judyta Rodzi\u0144ska-Nowak<\/p>\n<p><a href=\"https:\/\/doi.org\/10.31577\/szausav.2025.suppl.3.8\"><strong>Die Silberl\u00f6ffel aus Gr\u00e4bern Nr. I und III von Wroc\u0142aw-Zakrz\u00f3w<\/strong><\/a><\/p>\n<p><a href=\"https:\/\/doi.org\/10.31577\/szausav.2025.suppl.3.8\"><strong>Strieborn\u00e9 ly\u017eice z hrobov \u010d. I a III z lokality Wroclaw-Zakrz\u00f3w<\/strong><\/a><\/p>\n<p>DOI: <a href=\"https:\/\/doi.org\/10.31577\/szausav.2025.suppl.3.8\">https:\/\/doi.org\/10.31577\/szausav.2025.suppl.3.8<\/a><\/p>\n<p>&nbsp;<\/p>\n<p>Jaroslava Schmidtov\u00e1 \u2013 \u013dudov\u00edt Math\u00e9desz \u2013 Milan Sedl\u00e1r \u2013 Barbara\u00a0Ritterov\u00e1<\/p>\n<p><a href=\"https:\/\/doi.org\/ttps:\/\/doi.org\/10.31577\/szausav.2025.suppl.3.9\"><strong>Bronze Relief Fitting with a Depiction of God Mars<\/strong><\/a><\/p>\n<p><a href=\"https:\/\/doi.org\/ttps:\/\/doi.org\/10.31577\/szausav.2025.suppl.3.9\"><strong>Bronzov\u00e9 reli\u00e9fne kovanie s vyobrazen\u00edm boha Marsa<\/strong><\/a><\/p>\n<p>DOI: <a href=\"https:\/\/doi.org\/ttps:\/\/doi.org\/10.31577\/szausav.2025.suppl.3.9\">https:\/\/doi.org\/ttps:\/\/doi.org\/10.31577\/szausav.2025.suppl.3.9<\/a><\/p>\n<p>&nbsp;<\/p>\n<p><strong>David V\u00edch<\/strong><\/p>\n<p><strong><a href=\"https:\/\/doi.org\/10.31577\/szausav.2025.suppl.3.10\">Roman Period Finds Documenting Work with Non-Ferrous Metals from Strakov, Litomy\u0161l Region (Czech Republic)<\/a>\u00a0<\/strong><\/p>\n<p><strong><a href=\"https:\/\/doi.org\/10.31577\/szausav.2025.suppl.3.10\">N\u00e1lezy z doby \u0159\u00edmsk\u00e9 dokumentuj\u00edc\u00ed pr\u00e1ci s barevn\u00fdmi kovy ze Strakova, Litomy\u0161lsko (\u010cesk\u00e1 republika)<\/a><\/strong><\/p>\n<p>DOI: <a href=\"https:\/\/doi.org\/10.31577\/szausav.2025.suppl.3.10\">https:\/\/doi.org\/10.31577\/szausav.2025.suppl.3.10<\/a><\/p>\n<p>&nbsp;<\/p>\n<h2><strong>Fibulae<\/strong><\/h2>\n<p>Zden\u011bk Bene\u0161 \u2013 Viktoria \u010cis\u0165akova \u2013 Ji\u0159\u00ed Kmo\u0161ek<\/p>\n<p><a href=\"https:\/\/doi.org\/10.31577\/szausav.2025.suppl.3.11\"><strong>Annular Fibulae of the Late Roman Period in Bohemia<\/strong><\/a><\/p>\n<p><a href=\"https:\/\/doi.org\/10.31577\/szausav.2025.suppl.3.11\"><strong>Kruhov\u00e9 spony z pozdn\u00ed dob\u011b \u0159\u00edmsk\u00e9 z \u010cech<\/strong><\/a><\/p>\n<p>DOI: <a href=\"https:\/\/doi.org\/10.31577\/szausav.2025.suppl.3.11\">https:\/\/doi.org\/10.31577\/szausav.2025.suppl.3.11<\/a><\/p>\n<p>&nbsp;<\/p>\n<p>Sorin Coci\u015f \u2013 Vitalie B\u00e2rc\u00e2<\/p>\n<p><a href=\"https:\/\/doi.org\/10.31577\/szausav.2025.suppl.3.12\"><strong>Barbarian Strongly Profiled Brooches of Type Almgren 80, the \u201cVojtenki\u201d Variant, from Romania<\/strong><\/a><\/p>\n<p><a href=\"https:\/\/doi.org\/10.31577\/szausav.2025.suppl.3.12\"><strong>Barbarsk\u00e9 v\u00fdrazne profilovan\u00e9 spony typu Almgren 80, variant \u201eVojtenki\u201c, z Rumunska<\/strong><\/a><\/p>\n<p>DOI: <a href=\"https:\/\/doi.org\/10.31577\/szausav.2025.suppl.3.12\">https:\/\/doi.org\/10.31577\/szausav.2025.suppl.3.12<\/a><\/p>\n<p>&nbsp;<\/p>\n<p>Eduard Droberjar \u2013 Bal\u00e1zs Komor\u00f3czy<\/p>\n<p><a href=\"https:\/\/doi.org\/10.31577\/szausav.2025.suppl.3.13\"><strong>Zur Typologie der germanischen Kniefibeln n\u00f6rdlich der mittleren Donau<\/strong><\/a><\/p>\n<p><a href=\"https:\/\/doi.org\/10.31577\/szausav.2025.suppl.3.13\"><strong>K typologii germ\u00e1nsk\u00fdch kol\u00ednkovit\u00fdch spon severn\u011b od st\u0159edn\u00edho Dunaje<\/strong><\/a><\/p>\n<p>DOI: <a href=\"https:\/\/doi.org\/10.31577\/szausav.2025.suppl.3.13\">https:\/\/doi.org\/10.31577\/szausav.2025.suppl.3.13<\/a><\/p>\n<p>&nbsp;<\/p>\n<p>Pavel Horn\u00edk \u2013 Viktoria \u010cis\u0165akova \u2013 Zuzana Zl\u00e1malov\u00e1 C\u00edlov\u00e1 \u2013 Jan J\u00edlek<\/p>\n<p><a href=\"https:\/\/doi.org\/10.31577\/szausav.2025.suppl.3.14\"><strong>Roman-Provincial Peacock Plate Brooch from Osice, Hradec Kr\u00e1lov\u00e9 District<\/strong><\/a><\/p>\n<p><a href=\"https:\/\/doi.org\/10.31577\/szausav.2025.suppl.3.14\"><strong>\u0158\u00edmsko-provinci\u00e1ln\u00ed desti\u010dkovit\u00e1 spona ve tvaru p\u00e1va z Osic, okr. Hradec Kr\u00e1lov\u00e9<\/strong><\/a><\/p>\n<p>DOI: <a href=\"https:\/\/doi.org\/10.31577\/szausav.2025.suppl.3.14\">https:\/\/doi.org\/10.31577\/szausav.2025.suppl.3.14<\/a><\/p>\n<p>&nbsp;<\/p>\n<p>Jens-Peter Schmidt \u2013 Jan Schuster<\/p>\n<p><a href=\"https:\/\/doi.org\/10.31577\/szausav.2025.suppl.3.15\"><strong>Kein h\u00e4ssliches Entlein! Eine Fibel mit Vogeldarstellung von Gro\u00df G\u00f6rnow (Mecklenburg-Vorpommern)<\/strong><\/a><\/p>\n<p><a href=\"https:\/\/doi.org\/10.31577\/szausav.2025.suppl.3.15\"><strong>\u017diadne \u0161kared\u00e9 k\u00e1\u010datko! Spona s vyobrazen\u00edm vt\u00e1\u010dika z lokality Gro\u00df G\u00f6rnow (Mecklenbursko-Predpomoransko)<\/strong><\/a><\/p>\n<p>DOI: <a href=\"https:\/\/doi.org\/10.31577\/szausav.2025.suppl.3.15\">https:\/\/doi.org\/10.31577\/szausav.2025.suppl.3.15<\/a><\/p>\n<p>&nbsp;<\/p>\n<p>Vladim\u00edr Tur\u010dan<\/p>\n<p><a href=\"https:\/\/doi.org\/10.31577\/szausav.2025.suppl.3.16\"><strong>Funde der Przeworsk Kultur aus Stupava<\/strong><\/a><\/p>\n<p><a href=\"https:\/\/doi.org\/10.31577\/szausav.2025.suppl.3.16\"><strong>N\u00e1lezy przeworskej kult\u00fary zo Stupavy<\/strong><\/a><\/p>\n<p>DOI: <a href=\"https:\/\/doi.org\/10.31577\/szausav.2025.suppl.3.16\">https:\/\/doi.org\/10.31577\/szausav.2025.suppl.3.16<\/a><\/p>\n<p><strong>\u00a0<\/strong><\/p>\n<h2><strong>Military World<\/strong><\/h2>\n<p>Igor Bazovsk\u00fd<\/p>\n<p><strong><a href=\"https:\/\/doi.org\/10.31577\/szausav.2025.suppl.3.17\">Ein Hort von versilberten Gegenst\u00e4nden aus der R\u00f6mischen Kaiserzeit von Borinka (S\u00fcdwestslowakei)<\/a><\/strong><\/p>\n<p><strong><a href=\"https:\/\/doi.org\/10.31577\/szausav.2025.suppl.3.17\">Hromadn\u00fd n\u00e1lez postriebren\u00fdch predmetov z doby r\u00edmskej z Borinky (JZ Slovensko)<\/a><\/strong><\/p>\n<p>DOI: <a href=\"https:\/\/doi.org\/10.31577\/szausav.2025.suppl.3.17\">https:\/\/doi.org\/10.31577\/szausav.2025.suppl.3.17<\/a><\/p>\n<p>&nbsp;<\/p>\n<p>Zora Bielichov\u00e1 \u2013 Katar\u00edna \u0160imunkov\u00e1<\/p>\n<p><strong><a href=\"https:\/\/doi.org\/10.31577\/szausav.2025.suppl.3.18\">Archaeozoological Research of the Roman Fort at I\u017ea (SW Slovakia). History and Current Knowledge<\/a>\u00a0<\/strong><\/p>\n<p><a href=\"https:\/\/doi.org\/10.31577\/szausav.2025.suppl.3.18\"><strong>Archeozoologick\u00fd v\u00fdskum r\u00edmskeho t\u00e1bora v I\u017ei (JZ Slovensko). Hist\u00f3ria a s\u00fa\u010dasn\u00e9 poznatky<\/strong><\/a><\/p>\n<p>DOI: <a href=\"https:\/\/doi.org\/10.31577\/szausav.2025.suppl.3.18\">https:\/\/doi.org\/10.31577\/szausav.2025.suppl.3.18<\/a><\/p>\n<p>&nbsp;<\/p>\n<p>David J. Breeze<\/p>\n<p><strong><a href=\"https:\/\/doi.org\/10.31577\/szausav.2025.suppl.3.19\">How Did Soldiers Live in a Roman Fort? A Case Study of the Fort at Bearsden on the Antonine Wall<\/a><\/strong><\/p>\n<p><strong><a href=\"https:\/\/doi.org\/10.31577\/szausav.2025.suppl.3.19\">Ako \u017eili vojaci v r\u00edmskej pevnosti? Pr\u00edpadov\u00e1 \u0161t\u00fadia pevnosti v Bearsdene pri Anton\u00ednovom vale <\/a><\/strong><\/p>\n<p>DOI: <a href=\"https:\/\/doi.org\/10.31577\/szausav.2025.suppl.3.19\">https:\/\/doi.org\/10.31577\/szausav.2025.suppl.3.19<\/a><\/p>\n<p>&nbsp;<\/p>\n<p>Marek Budaj \u2013 Istv\u00e1n Vida<\/p>\n<p><a href=\"https:\/\/doi.org\/10.31577\/szausav.2025.suppl.3.20\"><strong>Two Fourth-Century Roman Seals from Slovakia<\/strong><\/a><\/p>\n<p><a href=\"https:\/\/doi.org\/10.31577\/szausav.2025.suppl.3.20\"><strong>Dve r\u00edmske plomby zo 4. storo\u010dia zo Slovenska<\/strong><\/a><\/p>\n<p>DOI: <a href=\"https:\/\/doi.org\/10.31577\/szausav.2025.suppl.3.20\">https:\/\/doi.org\/10.31577\/szausav.2025.suppl.3.20<\/a><\/p>\n<p>&nbsp;<\/p>\n<p>Klaudia Da\u0148ov\u00e1 \u2013 Miroslava Da\u0148ov\u00e1 \u2013 Igor Mur\u00edn<\/p>\n<p><a href=\"https:\/\/doi.org\/10.31577\/szausav.2025.suppl.3.21\"><strong>Survey of the Danube Bank at the Roman Military Camp in I\u017ea<\/strong><\/a><\/p>\n<p><a href=\"https:\/\/doi.org\/10.31577\/szausav.2025.suppl.3.21\"><strong>Prieskum brehu Dunaja pri r\u00edmskom vojenskom t\u00e1bore v I\u017ei<\/strong><\/a><\/p>\n<p>DOI: <a href=\"https:\/\/doi.org\/10.31577\/szausav.2025.suppl.3.21\">https:\/\/doi.org\/10.31577\/szausav.2025.suppl.3.21<\/a><\/p>\n<p>&nbsp;<\/p>\n<p>Christian Gugl \u2013 Silvia Radbauer \u2013 Mario Wallner<\/p>\n<p><a href=\"https:\/\/doi.org\/10.31577\/szausav.2025.suppl.3.22\"><strong>Arch\u00e4ologische Methodik in Carnuntum. Eine Standortbestimmung<\/strong><\/a><\/p>\n<p><a href=\"https:\/\/doi.org\/10.31577\/szausav.2025.suppl.3.22\"><strong>Archeologick\u00e9 met\u00f3dy v Carnunte. Aktu\u00e1lny stav<\/strong><\/a><\/p>\n<p>DOI: <a href=\"https:\/\/doi.org\/10.31577\/szausav.2025.suppl.3.22\">https:\/\/doi.org\/10.31577\/szausav.2025.suppl.3.22<\/a><\/p>\n<p>&nbsp;<\/p>\n<p>Janka Isteni\u010d \u2013 Vesna Tratnik<\/p>\n<p><a href=\"https:\/\/doi.org\/10.31577\/szausav.2025.suppl.3.23\"><strong>Archaeological Evidence of a Late Roman Military Conflict near Ajdov\u0161\u010dina (Slovenia)<\/strong><\/a><\/p>\n<p><a href=\"https:\/\/doi.org\/10.31577\/szausav.2025.suppl.3.23\"><strong>Archeologick\u00e9 doklady neskoror\u00edmskeho vojensk\u00e9ho konfliktu v bl\u00edzkosti obce Ajdov\u0161\u010dina (Slovinsko)<\/strong><\/a><\/p>\n<p>DOI: <a href=\"https:\/\/doi.org\/10.31577\/szausav.2025.suppl.3.23\">https:\/\/doi.org\/10.31577\/szausav.2025.suppl.3.23<\/a><\/p>\n<p>&nbsp;<\/p>\n<p>Kristi\u00e1n J\u00f3csik \u2013 Dominik Repka<\/p>\n<p><a href=\"https:\/\/doi.org\/10.31577\/szausav.2025.suppl.3.24\"><strong>A Roman Sword from Hurbanovo<\/strong><\/a><\/p>\n<p><a href=\"https:\/\/doi.org\/10.31577\/szausav.2025.suppl.3.24\"><strong>R\u00edmsky me\u010d z Hurbanova<\/strong><\/a><\/p>\n<p>DOI: <a href=\"https:\/\/doi.org\/10.31577\/szausav.2025.suppl.3.24\">https:\/\/doi.org\/10.31577\/szausav.2025.suppl.3.24<\/a><\/p>\n<p>&nbsp;<\/p>\n<p>Lajos Juh\u00e1sz<\/p>\n<p><a href=\"https:\/\/doi.org\/10.31577\/szausav.2025.suppl.3.25\"><strong>A Small Purse Find from the Legionary Fortress of Brigetio<\/strong><\/a><\/p>\n<p><a href=\"https:\/\/doi.org\/10.31577\/szausav.2025.suppl.3.25\"><strong>N\u00e1lez malej \u201epe\u0148a\u017eenky\u201c z legion\u00e1rskeho t\u00e1bora v Brigetiu<\/strong><\/a><\/p>\n<p>DOI: <a href=\"https:\/\/doi.org\/10.31577\/szausav.2025.suppl.3.25\">https:\/\/doi.org\/10.31577\/szausav.2025.suppl.3.25<\/a><\/p>\n<p>&nbsp;<\/p>\n<p>Tom\u00e1\u0161 Kolon \u2013 Erik Hrn\u010diarik<\/p>\n<p><a href=\"https:\/\/doi.org\/10.31577\/szausav.2025.suppl.3.26\"><strong>Finds of Artillery Missiles from the South\u200a\u2013\u200aEastern Part of the Vicus of the Roman Auxiliary Fort at Gerulata<\/strong><\/a><\/p>\n<p><a href=\"https:\/\/doi.org\/10.31577\/szausav.2025.suppl.3.26\"><strong>N\u00e1lezy projektilov z juhov\u00fdchodnej \u010dasti vikusu r\u00edmskej pomocnej pevnosti v Gerulate<\/strong><\/a><\/p>\n<p>DOI: <a href=\"https:\/\/doi.org\/10.31577\/szausav.2025.suppl.3.26\">https:\/\/doi.org\/10.31577\/szausav.2025.suppl.3.26<\/a><\/p>\n<p>&nbsp;<\/p>\n<p>Anna Lasota-Ku\u015b \u2013 Renata Madyda-Legutko \u2013 Sabina Stempniak-Kusy<\/p>\n<p><a href=\"https:\/\/doi.org\/10.31577\/szausav.2025.suppl.3.27\"><strong><em>Cingulum Militare<\/em> from the Przeworsk Culture Area. New Finds of Roman Imports from South-Eastern Poland\u00a0<\/strong><\/a><\/p>\n<p><a href=\"https:\/\/doi.org\/10.31577\/szausav.2025.suppl.3.27\"><strong><em>Cingulum militare<\/em> z oblasti przeworskej kult\u00fary. Nov\u00e9 n\u00e1lezy r\u00edmskych importov z juhov\u00fdchodn\u00e9ho Po\u013eska\u00a0<\/strong><\/a><\/p>\n<p>DOI: <a href=\"https:\/\/doi.org\/10.31577\/szausav.2025.suppl.3.27\">https:\/\/doi.org\/10.31577\/szausav.2025.suppl.3.27<\/a><\/p>\n<p>&nbsp;<\/p>\n<p>Ren\u00e9 Ployer<\/p>\n<p><strong><a href=\"https:\/\/doi.org\/10.31577\/szausav.2025.suppl.3.28\">Von Br\u00fccken und Menschen. Zu einem alten kolorierten Druck im Archiv des Bundesdenkmalamtes<\/a><\/strong><\/p>\n<p><strong><a href=\"https:\/\/doi.org\/10.31577\/szausav.2025.suppl.3.28\">O mostoch a \u013eu\u010foch. K starej kolorovanej tla\u010di v arch\u00edve Spolkov\u00e9ho pamiatkov\u00e9ho \u00faradu<\/a><\/strong><\/p>\n<p>DOI: <a href=\"https:\/\/doi.org\/10.31577\/szausav.2025.suppl.3.28\">https:\/\/doi.org\/10.31577\/szausav.2025.suppl.3.28<\/a><\/p>\n<p>&nbsp;<\/p>\n<p>Bence Simon \u2013 Melinda Szab\u00f3<\/p>\n<p><strong><a href=\"https:\/\/doi.org\/10.31577\/szausav.2025.suppl.3.29\">New Data on the History and Topography of <em>Ad Mures<\/em> (\u00c1cs-Bumbumk\u00fat, Hungary) on the <em>ripa Pannonica <\/em>and the Question of the Pannonian Border (3<sup>rd<\/sup>\u200a\u2013\u200a4<sup>th<\/sup> century CE)<\/a><\/strong><\/p>\n<p><strong><a href=\"https:\/\/doi.org\/10.31577\/szausav.2025.suppl.3.29\">Nov\u00e9 fakty o hist\u00f3rii a topografii <em>Ad Mures<\/em> (\u00c1cs-Bumbumk\u00fat, Ma\u010farsko) na <em>ripa Pannonica <\/em>a ot\u00e1zka pan\u00f3nskej hranice (3.\u200a\u2013\u200a4. storo\u010die n. l.)<\/a><\/strong><\/p>\n<p>DOI: <a href=\"https:\/\/doi.org\/10.31577\/szausav.2025.suppl.3.29\">https:\/\/doi.org\/10.31577\/szausav.2025.suppl.3.29<\/a><\/p>\n<p>&nbsp;<\/p>\n<p>Eszter So\u00f3s<\/p>\n<p><a href=\"https:\/\/doi.org\/10.31577\/szausav.2025.suppl.3.30\"><strong>Re-evaluation of the \u201cVandal grave\u201d from Muhi-Kocsmadomb (Northeast Hungary)<\/strong><\/a><\/p>\n<p><a href=\"https:\/\/doi.org\/10.31577\/szausav.2025.suppl.3.30\"><strong>Prehodnotenie \u201evandalsk\u00e9ho hrobu\u201c z lokality Muhi-Kocsmadomb (severov\u00fdchodn\u00e9 Ma\u010farsko)<\/strong><\/a><\/p>\n<p>DOI: <a href=\"https:\/\/doi.org\/10.31577\/szausav.2025.suppl.3.30\">https:\/\/doi.org\/10.31577\/szausav.2025.suppl.3.30<\/a><\/p>\n<p>&nbsp;<\/p>\n<p>Andreas Thiel<\/p>\n<p><a href=\"https:\/\/doi.org\/10.31577\/szausav.2025.suppl.3.31\"><strong>Ein r\u00f6misch-germanisches Arrangement der Sp\u00e4tantike<\/strong><\/a><\/p>\n<p><strong><a href=\"https:\/\/doi.org\/10.31577\/szausav.2025.suppl.3.31\">R\u00edmsko-germ\u00e1nske kombinovan\u00e9 zariadenie z obdobia neskorej antiky<\/a><\/strong><\/p>\n<p>DOI: <a href=\"https:\/\/doi.org\/10.31577\/szausav.2025.suppl.3.31\">https:\/\/doi.org\/10.31577\/szausav.2025.suppl.3.31<\/a><\/p>\n<p><strong>\u00a0<\/strong><\/p>\n<h2><strong>VARIA<\/strong><\/h2>\n<p>Thomas Fischer<\/p>\n<p><a href=\"https:\/\/doi.org\/10.31577\/szausav.2025.suppl.3.32\"><strong>Raetien und der mittlere Donauraum \u2013 Germanische Anteile an der fr\u00fchen Provinzbev\u00f6lkerung Raetiens<\/strong><\/a><\/p>\n<p><a href=\"https:\/\/doi.org\/10.31577\/szausav.2025.suppl.3.32\"><strong>Raetia a stredn\u00e9 Podunajsko \u2013 podiel germ\u00e1nskej zlo\u017eky vo v\u010dasnej popul\u00e1cii provincie Raetia<\/strong><\/a><\/p>\n<p>DOI: <a href=\"https:\/\/doi.org\/10.31577\/szausav.2025.suppl.3.32\">https:\/\/doi.org\/10.31577\/szausav.2025.suppl.3.32<\/a><\/p>\n<p>&nbsp;<\/p>\n<p>Vladim\u00edr Sala\u010d<\/p>\n<p><a href=\"https:\/\/doi.org\/10.31577\/szausav.2025.suppl.3.33\"><strong>Die ersten und andere Germanen in B\u00f6hmen, M\u00e4hren und der Slowakei<\/strong><\/a><\/p>\n<p><a href=\"https:\/\/doi.org\/10.31577\/szausav.2025.suppl.3.33\"><strong>Prvn\u00ed a dal\u0161\u00ed Germ\u00e1ni v \u010cech\u00e1ch, na Morav\u011b a na Slovensku<\/strong><\/a><\/p>\n<p>DOI: <a href=\"https:\/\/doi.org\/10.31577\/szausav.2025.suppl.3.33\">https:\/\/doi.org\/10.31577\/szausav.2025.suppl.3.33<\/a><\/p>\n<p>&nbsp;<\/p>\n<p>Kamil \u0160va\u0148a \u2013 Peter Fecko<\/p>\n<p><strong><a href=\"https:\/\/doi.org\/10.31577\/szausav.2025.suppl.3.34\">Late Roman Period Stamped Pottery from the North-Eastern Slovakia. Some Remarks Regarding Northern Carpathian Group and Its Contacts<\/a><\/strong><\/p>\n<p><strong><a href=\"https:\/\/doi.org\/10.31577\/szausav.2025.suppl.3.34\">Neskoror\u00edmska kolkovan\u00e1 keramika zo severov\u00fdchodn\u00e9ho Slovenska. Nieko\u013eko pozn\u00e1mok ku severokarpatskej skupine a jej kontaktom<\/a><\/strong><\/p>\n<p>DOI: <a href=\"https:\/\/doi.org\/10.31577\/szausav.2025.suppl.3.34\">https:\/\/doi.org\/10.31577\/szausav.2025.suppl.3.34<\/a><\/p>\n<p>&nbsp;<\/p>\n<p>Vladim\u00edr Varsik<\/p>\n<p><strong><a href=\"https:\/\/doi.org\/10.31577\/szausav.2025.suppl.3.35\">R\u00f6mische Becher auf germanischem Tisch<\/a><\/strong><\/p>\n<p><strong><a href=\"https:\/\/doi.org\/10.31577\/szausav.2025.suppl.3.35\">R\u00edmske poh\u00e1re na germ\u00e1nskom stole<\/a><\/strong><\/p>\n<p>DOI: <a href=\"https:\/\/doi.org\/10.31577\/szausav.2025.suppl.3.35\">https:\/\/doi.org\/10.31577\/szausav.2025.suppl.3.35<\/a><\/p>\n<p>&nbsp;<\/p>\n","protected":false},"excerpt":{"rendered":"<p>Volume 2025, 2025, No. Suppl 3 ISSN 0560-2793 &nbsp; Obsah Tabula gratulatoria &nbsp; Miroslava Da\u0148ov\u00e1 \u2013 Katar\u00edna Hlad\u00edkov\u00e1 \u2013 Branislav Kov\u00e1r On the Life Anniversary of J\u00e1n Rajt\u00e1r &nbsp; Small Finds Peter Bist\u00e1k \u2013 Erik Hrn\u010diarik \u2013 Zuzana Machatov\u00e1 Zoomorphic Bronze Handle of a Jug from Slep\u010dany Bronzov\u00e9 zoomorfn\u00e9 dr\u017eadlo kanvice zo Slep\u010dian DOI: https:\/\/doi.org\/10.31577\/szausav.2025.suppl.3.1 &#8230; <a class=\"read-more\" href=\"https:\/\/archeol.sav.sk\/index.php\/sk\/studijne-zvesti-no-suppl-3-studijne-zvesti\/\">\u010c\u00edtajte viac<\/a><\/p>\n","protected":false},"author":2,"featured_media":0,"parent":0,"menu_order":0,"comment_status":"closed","ping_status":"closed","template":"","meta":[],"_links":{"self":[{"href":"https:\/\/archeol.sav.sk\/index.php\/wp-json\/wp\/v2\/pages\/8011"}],"collection":[{"href":"https:\/\/archeol.sav.sk\/index.php\/wp-json\/wp\/v2\/pages"}],"about":[{"href":"https:\/\/archeol.sav.sk\/index.php\/wp-json\/wp\/v2\/types\/page"}],"author":[{"embeddable":true,"href":"https:\/\/archeol.sav.sk\/index.php\/wp-json\/wp\/v2\/users\/2"}],"replies":[{"embeddable":true,"href":"https:\/\/archeol.sav.sk\/index.php\/wp-json\/wp\/v2\/comments?post=8011"}],"version-history":[{"count":6,"href":"https:\/\/archeol.sav.sk\/index.php\/wp-json\/wp\/v2\/pages\/8011\/revisions"}],"predecessor-version":[{"id":8020,"href":"https:\/\/archeol.sav.sk\/index.php\/wp-json\/wp\/v2\/pages\/8011\/revisions\/8020"}],"wp:attachment":[{"href":"https:\/\/archeol.sav.sk\/index.php\/wp-json\/wp\/v2\/media?parent=8011"}],"curies":[{"name":"wp","href":"https:\/\/api.w.org\/{rel}","templated":true}]}}